{"id":1104,"date":"2019-10-28T09:48:55","date_gmt":"2019-10-28T09:48:55","guid":{"rendered":"https:\/\/vesaniart.com\/?page_id=1104"},"modified":"2019-10-28T14:49:33","modified_gmt":"2019-10-28T14:49:33","slug":"ahmad-ghoreishi","status":"publish","type":"page","link":"https:\/\/vesaniart.com\/en\/artistas\/ahmad-ghoreishi","title":{"rendered":"Ahmad Ghoreishi"},"content":{"rendered":"<p>[vc_row css_animation=&#8221;&#8221; row_type=&#8221;row&#8221; use_row_as_full_screen_section=&#8221;no&#8221; type=&#8221;full_width&#8221; angled_section=&#8221;no&#8221; text_align=&#8221;left&#8221; background_image_as_pattern=&#8221;without_pattern&#8221; z_index=&#8221;&#8221;][vc_column][vc_column_text]<a class=\"biolink\" href=\"\/en\/artistas\/ahmad-ghoreishi\/curriculum-bio\"><i class=\"fa fa-address-card-o\" aria-hidden=\"true\"><\/i>Curriculum \/ Bio<\/a>[\/vc_column_text][vc_empty_space height=&#8221;52px&#8221;][vc_column_text]<\/p>\n<div class=\"foogallery foogallery-container foogallery-masonry foogallery-lightbox-foobox fg-center fg-masonry fg-light fg-shadow-outline fg-loading-trail fg-loaded-fade-in fg-captions-bottom fg-hover-fade fg-hover-eye fg-ready fg-col4\" id=\"foogallery-gallery-2911\" data-foogallery=\"{&quot;item&quot;:{&quot;showCaptionTitle&quot;:false,&quot;showCaptionDescription&quot;:true},&quot;lazy&quot;:true}\" >\r\n\t\t<div class=\"fg-column-width\"><\/div>\r\n\t<div class=\"fg-gutter-width\"><\/div>\r\n\t\t<div class=\"fg-item fg-type-image fg-idle\"><figure class=\"fg-item-inner\"><a  href=\"https:\/\/vesaniart.com\/wp-content\/uploads\/2019\/12\/img-1443-1.jpg\" data-rel=\"lightbox-gallery-0\" data-rl_title=\"&quot;Umm...&quot;. Gres y resina. 27x23x8 cm. 2019\" data-rl_caption=\"\" data-caption-desc=\"&quot;Umm...&quot;. Gres y resina. 27x23x8 cm. 2019\" data-attachment-id=\"3044\" class=\"fg-thumb\" title=\"&quot;Umm...&quot;. Gres y resina. 27x23x8 cm. 2019\"><span class=\"fg-image-wrap\"><img alt=\"&quot;Umm...&quot;. Gres y resina. 27x23x8 cm. 2019\" width=\"320\" height=\"284\" class=\"skip-lazy fg-image\" data-src-fg=\"https:\/\/vesaniart.com\/wp-content\/uploads\/cache\/2019\/12\/img-1443-1\/3179992904.jpg\" src=\"data:image\/svg+xml,%3Csvg%20xmlns%3D%22http%3A%2F%2Fwww.w3.org%2F2000%2Fsvg%22%20width%3D%22320%22%20height%3D%22284%22%20viewBox%3D%220%200%20320%20284%22%3E%3C%2Fsvg%3E\" loading=\"eager\"><\/span><span class=\"fg-image-overlay\"><\/span><\/a><figcaption class=\"fg-caption\"><div class=\"fg-caption-inner\"><div class=\"fg-caption-desc\">\"Umm...\". Gres y resina. 27x23x8 cm. 2019<\/div><\/div><\/figcaption><\/figure><div class=\"fg-loader\"><\/div><\/div><div class=\"fg-item fg-type-image fg-idle\"><figure class=\"fg-item-inner\"><a  href=\"https:\/\/vesaniart.com\/wp-content\/uploads\/2020\/02\/img_1989-1.jpg\" data-rel=\"lightbox-gallery-0\" data-rl_title=\"Ah ... gres y resina. 27x23x8 cm. 2019\" data-rl_caption=\"\" data-caption-desc=\"Ah ... gres y resina. 27x23x8 cm. 2019\" data-attachment-id=\"3113\" class=\"fg-thumb\" title=\"Ah ... gres y resina. 27x23x8 cm. 2019\"><span class=\"fg-image-wrap\"><img alt=\"Ah ... gres y resina. 27x23x8 cm. 2019\" width=\"320\" height=\"268\" class=\"skip-lazy fg-image\" data-src-fg=\"https:\/\/vesaniart.com\/wp-content\/uploads\/cache\/2020\/02\/img_1989-1\/2153865280.jpg\" src=\"data:image\/svg+xml,%3Csvg%20xmlns%3D%22http%3A%2F%2Fwww.w3.org%2F2000%2Fsvg%22%20width%3D%22320%22%20height%3D%22268%22%20viewBox%3D%220%200%20320%20268%22%3E%3C%2Fsvg%3E\" loading=\"eager\"><\/span><span class=\"fg-image-overlay\"><\/span><\/a><figcaption class=\"fg-caption\"><div class=\"fg-caption-inner\"><div class=\"fg-caption-desc\">Ah ... gres y resina. 27x23x8 cm. 2019<\/div><\/div><\/figcaption><\/figure><div class=\"fg-loader\"><\/div><\/div><div class=\"fg-item fg-type-image fg-idle\"><figure class=\"fg-item-inner\"><a  href=\"https:\/\/vesaniart.com\/wp-content\/uploads\/2019\/10\/img-1738-1.jpg\" data-rel=\"lightbox-gallery-0\" data-rl_title=\"Ay... Gres y resina. 27x23x8 cm. 2019\" data-rl_caption=\"\" data-caption-desc=\"Ay... Gres y resina. 27x23x8 cm. 2019\" data-attachment-id=\"3074\" class=\"fg-thumb\" title=\"Ay... Gres y resina. 27x23x8 cm. 2019\"><span class=\"fg-image-wrap\"><img alt=\"Ay... Gres y resina. 27x23x8 cm. 2019\" width=\"320\" height=\"281\" class=\"skip-lazy fg-image\" data-src-fg=\"https:\/\/vesaniart.com\/wp-content\/uploads\/cache\/2019\/10\/img-1738-1\/3615680391.jpg\" src=\"data:image\/svg+xml,%3Csvg%20xmlns%3D%22http%3A%2F%2Fwww.w3.org%2F2000%2Fsvg%22%20width%3D%22320%22%20height%3D%22281%22%20viewBox%3D%220%200%20320%20281%22%3E%3C%2Fsvg%3E\" loading=\"eager\"><\/span><span class=\"fg-image-overlay\"><\/span><\/a><figcaption class=\"fg-caption\"><div class=\"fg-caption-inner\"><div class=\"fg-caption-desc\">Ay... Gres y resina. 27x23x8 cm. 2019<\/div><\/div><\/figcaption><\/figure><div class=\"fg-loader\"><\/div><\/div><div class=\"fg-item fg-type-image fg-idle\"><figure class=\"fg-item-inner\"><a  href=\"https:\/\/vesaniart.com\/wp-content\/uploads\/2020\/03\/1-10-1.jpg\" data-rel=\"lightbox-gallery-0\" data-rl_title=\"Ven!, 2020 Gres y resina. 27 x 23 x 8 cm. Serie 1\/10\" data-rl_caption=\"\" data-caption-desc=\"Ven!, 2020 Gres y resina. 27 x 23 x 8 cm. Serie 1\/10\" data-attachment-id=\"3250\" class=\"fg-thumb\" title=\"Ven!, 2020 Gres y resina. 27 x 23 x 8 cm. Serie 1\/10\"><span class=\"fg-image-wrap\"><img alt=\"Ven!, 2020 Gres y resina. 27 x 23 x 8 cm. Serie 1\/10\" width=\"320\" height=\"289\" class=\"skip-lazy fg-image\" data-src-fg=\"https:\/\/vesaniart.com\/wp-content\/uploads\/cache\/2020\/03\/1-10-1\/3564735046.jpg\" src=\"data:image\/svg+xml,%3Csvg%20xmlns%3D%22http%3A%2F%2Fwww.w3.org%2F2000%2Fsvg%22%20width%3D%22320%22%20height%3D%22289%22%20viewBox%3D%220%200%20320%20289%22%3E%3C%2Fsvg%3E\" loading=\"eager\"><\/span><span class=\"fg-image-overlay\"><\/span><\/a><figcaption class=\"fg-caption\"><div class=\"fg-caption-inner\"><div class=\"fg-caption-desc\">Ven!, 2020 Gres y resina. 27 x 23 x 8 cm. Serie 1\/10<\/div><\/div><\/figcaption><\/figure><div class=\"fg-loader\"><\/div><\/div><div class=\"fg-item fg-type-image fg-idle\"><figure class=\"fg-item-inner\"><a  href=\"https:\/\/vesaniart.com\/wp-content\/uploads\/2019\/10\/saturno-ceramica-tecnica-mixta-esmalte-2019-4uds.-d.15-cm.jpg\" data-rel=\"lightbox-gallery-0\" data-rl_title=\"Saturno. Cer\u00e1mica esmaltada, t\u00e9cnica mixta. 4 piezas. Di\u00e1metro 15 cm. 2019\" data-rl_caption=\"\" data-caption-desc=\"Saturno. Cer\u00e1mica esmaltada, t\u00e9cnica mixta. 4 piezas. Di\u00e1metro 15 cm. 2019\" data-attachment-id=\"2948\" class=\"fg-thumb\" title=\"Saturno. Cer\u00e1mica esmaltada, t\u00e9cnica mixta. 4 piezas. Di\u00e1metro 15 cm. 2019\"><span class=\"fg-image-wrap\"><img alt=\"Saturno. Cer\u00e1mica esmaltada, t\u00e9cnica mixta. 4 piezas. Di\u00e1metro 15 cm. 2019\" width=\"320\" height=\"320\" class=\"skip-lazy fg-image\" data-src-fg=\"https:\/\/vesaniart.com\/wp-content\/uploads\/cache\/2019\/10\/saturno-ceramica-tecnica-mixta-esmalte-2019-4uds_-d_15-cm\/1979868677.jpg\" src=\"data:image\/svg+xml,%3Csvg%20xmlns%3D%22http%3A%2F%2Fwww.w3.org%2F2000%2Fsvg%22%20width%3D%22320%22%20height%3D%22320%22%20viewBox%3D%220%200%20320%20320%22%3E%3C%2Fsvg%3E\" loading=\"eager\"><\/span><span class=\"fg-image-overlay\"><\/span><\/a><figcaption class=\"fg-caption\"><div class=\"fg-caption-inner\"><div class=\"fg-caption-desc\">Saturno. Cer\u00e1mica esmaltada, t\u00e9cnica mixta. 4 piezas. Di\u00e1metro 15 cm. 2019<\/div><\/div><\/figcaption><\/figure><div class=\"fg-loader\"><\/div><\/div><div class=\"fg-item fg-type-image fg-idle\"><figure class=\"fg-item-inner\"><a  href=\"https:\/\/vesaniart.com\/wp-content\/uploads\/2020\/03\/rojoii-45-x-45-cm.-tecnica-mixta-450euros.jpg\" data-rel=\"lightbox-gallery-0\" data-rl_title=\"RojoII , 2019. 45 x 45 cm. T\u00e9cnica mixta\" data-rl_caption=\"\" data-caption-desc=\"RojoII , 2019. 45 x 45 cm. T\u00e9cnica mixta\" data-attachment-id=\"3251\" class=\"fg-thumb\" title=\"RojoII , 2019. 45 x 45 cm. T\u00e9cnica mixta\"><span class=\"fg-image-wrap\"><img alt=\"RojoII , 2019. 45 x 45 cm. T\u00e9cnica mixta\" width=\"320\" height=\"323\" class=\"skip-lazy fg-image\" data-src-fg=\"https:\/\/vesaniart.com\/wp-content\/uploads\/cache\/2020\/03\/rojoii-45-x-45-cm_-tecnica-mixta-450euros\/2659244864.jpg\" src=\"data:image\/svg+xml,%3Csvg%20xmlns%3D%22http%3A%2F%2Fwww.w3.org%2F2000%2Fsvg%22%20width%3D%22320%22%20height%3D%22323%22%20viewBox%3D%220%200%20320%20323%22%3E%3C%2Fsvg%3E\" loading=\"eager\"><\/span><span class=\"fg-image-overlay\"><\/span><\/a><figcaption class=\"fg-caption\"><div class=\"fg-caption-inner\"><div class=\"fg-caption-desc\">RojoII , 2019. 45 x 45 cm. T\u00e9cnica mixta<\/div><\/div><\/figcaption><\/figure><div class=\"fg-loader\"><\/div><\/div><div class=\"fg-item fg-type-image fg-idle\"><figure class=\"fg-item-inner\"><a  href=\"https:\/\/vesaniart.com\/wp-content\/uploads\/2020\/03\/rojo-i-45-x-45-cm.-tecnica-mixta-450euros.jpg\" data-rel=\"lightbox-gallery-0\" data-rl_title=\"Rojo I ,45 x 45 cm. T\u00e9cnica mixta, 2019\" data-rl_caption=\"\" data-caption-desc=\"Rojo I ,45 x 45 cm. T\u00e9cnica mixta, 2019\" data-attachment-id=\"3249\" class=\"fg-thumb\" title=\"Rojo I ,45 x 45 cm. T\u00e9cnica mixta, 2019\"><span class=\"fg-image-wrap\"><img alt=\"Rojo I ,45 x 45 cm. T\u00e9cnica mixta, 2019\" width=\"320\" height=\"318\" class=\"skip-lazy fg-image\" data-src-fg=\"https:\/\/vesaniart.com\/wp-content\/uploads\/cache\/2020\/03\/rojo-i-45-x-45-cm_-tecnica-mixta-450euros\/3164389739.jpg\" src=\"data:image\/svg+xml,%3Csvg%20xmlns%3D%22http%3A%2F%2Fwww.w3.org%2F2000%2Fsvg%22%20width%3D%22320%22%20height%3D%22318%22%20viewBox%3D%220%200%20320%20318%22%3E%3C%2Fsvg%3E\" loading=\"eager\"><\/span><span class=\"fg-image-overlay\"><\/span><\/a><figcaption class=\"fg-caption\"><div class=\"fg-caption-inner\"><div class=\"fg-caption-desc\">Rojo I ,45 x 45 cm. T\u00e9cnica mixta, 2019<\/div><\/div><\/figcaption><\/figure><div class=\"fg-loader\"><\/div><\/div><div class=\"fg-item fg-type-image fg-idle\"><figure class=\"fg-item-inner\"><a  href=\"https:\/\/vesaniart.com\/wp-content\/uploads\/2019\/10\/bebe_arcilla-25-cm.jpg\" data-rel=\"lightbox-gallery-0\" data-rl_title=\"Bebe. Arcilla. 25 cm. 2017\" data-rl_caption=\"\" data-caption-desc=\"Bebe. Arcilla. 25 cm. 2017\" data-attachment-id=\"2910\" class=\"fg-thumb\" title=\"Bebe. Arcilla. 25 cm. 2017\"><span class=\"fg-image-wrap\"><img alt=\"Bebe. Arcilla. 25 cm. 2017\" width=\"320\" height=\"320\" class=\"skip-lazy fg-image\" data-src-fg=\"https:\/\/vesaniart.com\/wp-content\/uploads\/cache\/2019\/10\/bebe_arcilla-25-cm\/269450663.jpg\" src=\"data:image\/svg+xml,%3Csvg%20xmlns%3D%22http%3A%2F%2Fwww.w3.org%2F2000%2Fsvg%22%20width%3D%22320%22%20height%3D%22320%22%20viewBox%3D%220%200%20320%20320%22%3E%3C%2Fsvg%3E\" loading=\"eager\"><\/span><span class=\"fg-image-overlay\"><\/span><\/a><figcaption class=\"fg-caption\"><div class=\"fg-caption-inner\"><div class=\"fg-caption-desc\">Bebe. Arcilla. 25 cm. 2017<\/div><\/div><\/figcaption><\/figure><div class=\"fg-loader\"><\/div><\/div><div class=\"fg-item fg-type-image fg-idle\"><figure class=\"fg-item-inner\"><a  href=\"https:\/\/vesaniart.com\/wp-content\/uploads\/2019\/10\/arcilla-horneada-65-cm.jpg\" data-rel=\"lightbox-gallery-0\" data-rl_title=\"Kian. Arcilla horneada. 65 cm. 2018\" data-rl_caption=\"\" data-caption-desc=\"Kian. Arcilla horneada. 65 cm. 2018\" data-attachment-id=\"2912\" class=\"fg-thumb\" title=\"Kian. Arcilla horneada. 65 cm. 2018\"><span class=\"fg-image-wrap\"><img alt=\"Kian. Arcilla horneada. 65 cm. 2018\" width=\"320\" height=\"240\" class=\"skip-lazy fg-image\" data-src-fg=\"https:\/\/vesaniart.com\/wp-content\/uploads\/cache\/2019\/10\/arcilla-horneada-65-cm\/2634787423.jpg\" src=\"data:image\/svg+xml,%3Csvg%20xmlns%3D%22http%3A%2F%2Fwww.w3.org%2F2000%2Fsvg%22%20width%3D%22320%22%20height%3D%22240%22%20viewBox%3D%220%200%20320%20240%22%3E%3C%2Fsvg%3E\" loading=\"eager\"><\/span><span class=\"fg-image-overlay\"><\/span><\/a><figcaption class=\"fg-caption\"><div class=\"fg-caption-inner\"><div class=\"fg-caption-desc\">Kian. Arcilla horneada. 65 cm. 2018<\/div><\/div><\/figcaption><\/figure><div class=\"fg-loader\"><\/div><\/div><div class=\"fg-item fg-type-image fg-idle\"><figure class=\"fg-item-inner\"><a  href=\"https:\/\/vesaniart.com\/wp-content\/uploads\/2019\/10\/el-hombre-iluminado-arcilla-cristal-agua.jpg\" data-rel=\"lightbox-gallery-0\" data-rl_title=\"El hombre iluminado. Arcilla, cristal, agua. 75 cm alto x 30 cm di\u00e1metro. 2018\" data-rl_caption=\"\" data-caption-desc=\"El hombre iluminado. Arcilla, cristal, agua. 75 cm alto x 30 cm di\u00e1metro. 2018\" data-attachment-id=\"2913\" class=\"fg-thumb\" title=\"El hombre iluminado. Arcilla, cristal, agua. 75 cm alto x 30 cm di\u00e1metro. 2018\"><span class=\"fg-image-wrap\"><img alt=\"El hombre iluminado. Arcilla, cristal, agua. 75 cm alto x 30 cm di\u00e1metro. 2018\" width=\"320\" height=\"320\" class=\"skip-lazy fg-image\" data-src-fg=\"https:\/\/vesaniart.com\/wp-content\/uploads\/cache\/2019\/10\/el-hombre-iluminado-arcilla-cristal-agua\/1709986869.jpg\" src=\"data:image\/svg+xml,%3Csvg%20xmlns%3D%22http%3A%2F%2Fwww.w3.org%2F2000%2Fsvg%22%20width%3D%22320%22%20height%3D%22320%22%20viewBox%3D%220%200%20320%20320%22%3E%3C%2Fsvg%3E\" loading=\"eager\"><\/span><span class=\"fg-image-overlay\"><\/span><\/a><figcaption class=\"fg-caption\"><div class=\"fg-caption-inner\"><div class=\"fg-caption-desc\">El hombre iluminado. Arcilla, cristal, agua. 75 cm alto x 30 cm di\u00e1metro. 2018<\/div><\/div><\/figcaption><\/figure><div class=\"fg-loader\"><\/div><\/div><div class=\"fg-item fg-type-image fg-idle\"><figure class=\"fg-item-inner\"><a  href=\"https:\/\/vesaniart.com\/wp-content\/uploads\/2019\/10\/ceramic-de-series-de-criatura.jpg\" data-rel=\"lightbox-gallery-0\" data-rl_title=\"Criatura ++. Ceramica. 30 x 25 cm. 2019\" data-rl_caption=\"\" data-caption-desc=\"Criatura ++. Ceramica. 30 x 25 cm. 2019\" data-attachment-id=\"2914\" class=\"fg-thumb\" title=\"Criatura ++. Ceramica. 30 x 25 cm. 2019\"><span class=\"fg-image-wrap\"><img alt=\"Criatura ++. Ceramica. 30 x 25 cm. 2019\" width=\"320\" height=\"457\" class=\"skip-lazy fg-image\" data-src-fg=\"https:\/\/vesaniart.com\/wp-content\/uploads\/cache\/2019\/10\/ceramic-de-series-de-criatura\/3229660771.jpg\" src=\"data:image\/svg+xml,%3Csvg%20xmlns%3D%22http%3A%2F%2Fwww.w3.org%2F2000%2Fsvg%22%20width%3D%22320%22%20height%3D%22457%22%20viewBox%3D%220%200%20320%20457%22%3E%3C%2Fsvg%3E\" loading=\"eager\"><\/span><span class=\"fg-image-overlay\"><\/span><\/a><figcaption class=\"fg-caption\"><div class=\"fg-caption-inner\"><div class=\"fg-caption-desc\">Criatura ++. Ceramica. 30 x 25 cm. 2019<\/div><\/div><\/figcaption><\/figure><div class=\"fg-loader\"><\/div><\/div><\/div>\n<p>[\/vc_column_text][vc_empty_space][\/vc_column][\/vc_row]<\/p>\n","protected":false},"excerpt":{"rendered":"[vc_row css_animation=&#8221;&#8221; row_type=&#8221;row&#8221; use_row_as_full_screen_section=&#8221;no&#8221; type=&#8221;full_width&#8221; angled_section=&#8221;no&#8221; text_align=&#8221;left&#8221; background_image_as_pattern=&#8221;without_pattern&#8221; z_index=&#8221;&#8221;][vc_column][vc_column_text]Curriculum \/ Bio[\/vc_column_text][vc_empty_space height=&#8221;52px&#8221;][vc_column_text] [\/vc_column_text][vc_empty_space][\/vc_column][\/vc_row]","protected":false},"author":1,"featured_media":0,"parent":33,"menu_order":0,"comment_status":"closed","ping_status":"closed","template":"","meta":{"footnotes":"","_links_to":"","_links_to_target":""},"_links":{"self":[{"href":"https:\/\/vesaniart.com\/en\/wp-json\/wp\/v2\/pages\/1104"}],"collection":[{"href":"https:\/\/vesaniart.com\/en\/wp-json\/wp\/v2\/pages"}],"about":[{"href":"https:\/\/vesaniart.com\/en\/wp-json\/wp\/v2\/types\/page"}],"author":[{"embeddable":true,"href":"https:\/\/vesaniart.com\/en\/wp-json\/wp\/v2\/users\/1"}],"replies":[{"embeddable":true,"href":"https:\/\/vesaniart.com\/en\/wp-json\/wp\/v2\/comments?post=1104"}],"version-history":[{"count":20,"href":"https:\/\/vesaniart.com\/en\/wp-json\/wp\/v2\/pages\/1104\/revisions"}],"predecessor-version":[{"id":2949,"href":"https:\/\/vesaniart.com\/en\/wp-json\/wp\/v2\/pages\/1104\/revisions\/2949"}],"up":[{"embeddable":true,"href":"https:\/\/vesaniart.com\/en\/wp-json\/wp\/v2\/pages\/33"}],"wp:attachment":[{"href":"https:\/\/vesaniart.com\/en\/wp-json\/wp\/v2\/media?parent=1104"}],"curies":[{"name":"wp","href":"https:\/\/api.w.org\/{rel}","templated":true}]}}